{"id":269,"date":"2023-11-16T19:28:42","date_gmt":"2023-11-16T19:28:42","guid":{"rendered":"https:\/\/webredox.net\/demo\/wp\/bauen\/light\/multi\/demo1\/?page_id=268"},"modified":"2025-08-22T16:13:59","modified_gmt":"2025-08-22T14:13:59","slug":"realisations","status":"publish","type":"page","link":"https:\/\/www.agilis-fermetures.fr\/index.php\/realisations\/","title":{"rendered":"R\u00e9alisations"},"content":{"rendered":"<div class=\"wpb-content-wrapper\">[vc_row row_type=&#8221;main-section&#8221; bauen_section_layout=&#8221;section_grid&#8221; bauen_df_padding_bottom=&#8221;section-padding2&#8243; bauen_background_color=&#8221;#FFFFFF&#8221;][vc_column][vc_empty_space height=&#8221;60&#8243;][vc_column_text css=&#8221;.vc_custom_1744970504753{padding-right: 20px !important;padding-left: 20px !important;background-color: #FFFFFF !important;}&#8221;]\n<h1 style=\"text-align: center;\"><strong><span style=\"color: #20464b;\">NOS R\u00c9ALISATIONS<\/span><\/strong><\/h1>\n<p><span style=\"font-weight: 400; color: #20464b;\">C\u2019est ici, \u00e0 Saint-Germain-au-Mont-d\u2019Or, que prennent vie vos projets. Nich\u00e9s au c\u0153ur des Monts d\u2019Or et rayonnant sur toute la r\u00e9gion lyonnaise, nous avons la chance d\u2019accompagner des histoires uniques, des envies de renouveau comme des projets de construction audacieux.<\/span><\/p>\n<p><span style=\"color: #20464b;\"><span style=\"font-weight: 400;\">Chaque chantier est une rencontre, chaque r\u00e9alisation est le reflet de vos ambitions et de notre savoir-faire. Derri\u00e8re chaque porte pos\u00e9e, chaque fen\u00eatre install\u00e9e, il y a un projet de vie, une recherche de confort, d\u2019esth\u00e9tisme et de durabilit\u00e9. <\/span><span style=\"font-weight: 400;\">Parcourez nos derni\u00e8res r\u00e9alisations et laissez-vous inspirer par ces transformations qui racontent bien plus que des m\u00e8tres carr\u00e9s r\u00e9nov\u00e9s : elles illustrent notre passion du d\u00e9tail, notre exigence de qualit\u00e9 et notre engagement \u00e0 vos c\u00f4t\u00e9s, \u00e0 chaque \u00e9tape de votre projet.<\/span><\/span>[\/vc_column_text][vc_empty_space height=&#8221;40px&#8221;]<div class=\"sec-portfolio projects \"><div class=\"container-after\"><div class=\"row isotope-items-wrap  no-hide-last loadmore-wrapper\" data-load-item=\"20\" data-button-text=\"Load More\"><div class=\"grid-sizer\"><\/div><div class=\"isotope-item col-md-6 \"><div class=\"animate-box\" data-animate-effect=\"fadeInUp\"><div class=\"item\"><div class=\"position-re position-re-order-grid o-hidden\"><div class=\"cd-pt-ab\"><img decoding=\"async\" src=\"https:\/\/www.agilis-fermetures.fr\/wp-content\/uploads\/2025\/08\/Limonest-APRES3_light.webp\" alt=\"\" \/><\/div><\/div><div class=\"con\"><h6><\/h6><h5><a href=\"https:\/\/www.agilis-fermetures.fr\/index.php\/portfolio\/renovation-a-limonest\/\">R\u00e9novation \u00e0 Limonest<\/a><\/h5><div class=\"line\"><\/div> <a href=\"https:\/\/www.agilis-fermetures.fr\/index.php\/portfolio\/renovation-a-limonest\/\"><i class=\"ti-arrow-right\"><\/i><\/a><\/div><\/div><\/div><\/div><div class=\"isotope-item col-md-6 \"><div class=\"animate-box\" data-animate-effect=\"fadeInUp\"><div class=\"item\"><div class=\"position-re position-re-order-grid o-hidden\"><div class=\"cd-pt-ab\"><img decoding=\"async\" src=\"https:\/\/www.agilis-fermetures.fr\/wp-content\/uploads\/2025\/08\/AGILIS_LYON_MOLLARD2_LIGHT.webp\" alt=\"\" \/><\/div><\/div><div class=\"con\"><h6><\/h6><h5><a href=\"https:\/\/www.agilis-fermetures.fr\/index.php\/portfolio\/maison-historique-a-lyon\/\">Maison historique \u00e0 Lyon<\/a><\/h5><div class=\"line\"><\/div> <a href=\"https:\/\/www.agilis-fermetures.fr\/index.php\/portfolio\/maison-historique-a-lyon\/\"><i class=\"ti-arrow-right\"><\/i><\/a><\/div><\/div><\/div><\/div><div class=\"isotope-item col-md-6 \"><div class=\"animate-box\" data-animate-effect=\"fadeInUp\"><div class=\"item\"><div class=\"position-re position-re-order-grid o-hidden\"><div class=\"cd-pt-ab\"><img decoding=\"async\" src=\"https:\/\/www.agilis-fermetures.fr\/wp-content\/uploads\/2025\/08\/MONTREUIL-GARIBALDI_light.webp\" alt=\"\" \/><\/div><\/div><div class=\"con\"><h6><\/h6><h5><a href=\"https:\/\/www.agilis-fermetures.fr\/index.php\/portfolio\/755\/\">Montreuil &#8211; Garibaldi<\/a><\/h5><div class=\"line\"><\/div> <a href=\"https:\/\/www.agilis-fermetures.fr\/index.php\/portfolio\/755\/\"><i class=\"ti-arrow-right\"><\/i><\/a><\/div><\/div><\/div><\/div><div class=\"isotope-item col-md-6 \"><div class=\"animate-box\" data-animate-effect=\"fadeInUp\"><div class=\"item\"><div class=\"position-re position-re-order-grid o-hidden\"><div class=\"cd-pt-ab\"><img decoding=\"async\" src=\"https:\/\/www.agilis-fermetures.fr\/wp-content\/uploads\/2025\/07\/Crevolin3.webp\" alt=\"\" \/><\/div><\/div><div class=\"con\"><h6><\/h6><h5><a href=\"https:\/\/www.agilis-fermetures.fr\/index.php\/portfolio\/renovation-a-villeurbanne\/\">R\u00e9novation \u00e0 Villeurbanne<\/a><\/h5><div class=\"line\"><\/div> <a href=\"https:\/\/www.agilis-fermetures.fr\/index.php\/portfolio\/renovation-a-villeurbanne\/\"><i class=\"ti-arrow-right\"><\/i><\/a><\/div><\/div><\/div><\/div><div class=\"isotope-item col-md-6 \"><div class=\"animate-box\" data-animate-effect=\"fadeInUp\"><div class=\"item\"><div class=\"position-re position-re-order-grid o-hidden\"><div class=\"cd-pt-ab\"><img decoding=\"async\" src=\"https:\/\/www.agilis-fermetures.fr\/wp-content\/uploads\/2021\/09\/SGMO-1.jpg\" alt=\"\" \/><\/div><\/div><div class=\"con\"><h6><\/h6><h5><a href=\"https:\/\/www.agilis-fermetures.fr\/index.php\/portfolio\/nos-bureaux\/\">Nos bureaux<\/a><\/h5><div class=\"line\"><\/div> <a href=\"https:\/\/www.agilis-fermetures.fr\/index.php\/portfolio\/nos-bureaux\/\"><i class=\"ti-arrow-right\"><\/i><\/a><\/div><\/div><\/div><\/div><div class=\"isotope-item col-md-6 \"><div class=\"animate-box\" data-animate-effect=\"fadeInUp\"><div class=\"item\"><div class=\"position-re position-re-order-grid o-hidden\"><div class=\"cd-pt-ab\"><img decoding=\"async\" src=\"https:\/\/www.agilis-fermetures.fr\/wp-content\/uploads\/2025\/04\/1-Civrieux%201.jpg\" alt=\"\" \/><\/div><\/div><div class=\"con\"><h6><\/h6><h5><a href=\"https:\/\/www.agilis-fermetures.fr\/index.php\/portfolio\/renovation-a-civrieux\/\">R\u00e9novation \u00e0 Civrieux<\/a><\/h5><div class=\"line\"><\/div> <a href=\"https:\/\/www.agilis-fermetures.fr\/index.php\/portfolio\/renovation-a-civrieux\/\"><i class=\"ti-arrow-right\"><\/i><\/a><\/div><\/div><\/div><\/div><div class=\"isotope-item col-md-6 \"><div class=\"animate-box\" data-animate-effect=\"fadeInUp\"><div class=\"item\"><div class=\"position-re position-re-order-grid o-hidden\"><div class=\"cd-pt-ab\"><img decoding=\"async\" src=\"https:\/\/www.agilis-fermetures.fr\/wp-content\/uploads\/2021\/09\/Lettres-a-croquer-0.webp\" alt=\"\" \/><\/div><\/div><div class=\"con\"><h6><\/h6><h5><a href=\"https:\/\/www.agilis-fermetures.fr\/index.php\/portfolio\/lettres-a-croquer\/\">Lettres \u00e0 Croquer<\/a><\/h5><div class=\"line\"><\/div> <a href=\"https:\/\/www.agilis-fermetures.fr\/index.php\/portfolio\/lettres-a-croquer\/\"><i class=\"ti-arrow-right\"><\/i><\/a><\/div><\/div><\/div><\/div><\/div><\/div><\/div>[\/vc_column][\/vc_row]\n<\/div>","protected":false},"excerpt":{"rendered":"<p>[vc_row row_type=&#8221;main-section&#8221; bauen_section_layout=&#8221;section_grid&#8221; bauen_df_padding_bottom=&#8221;section-padding2&#8243; bauen_background_color=&#8221;#FFFFFF&#8221;][vc_column][vc_empty_space height=&#8221;60&#8243;][vc_column_text css=&#8221;.vc_custom_1744970504753{padding-right: 20px !important;padding-left: 20px !important;background-color: #FFFFFF !important;}&#8221;] NOS R\u00c9ALISATIONS C\u2019est ici, \u00e0 Saint-Germain-au-Mont-d\u2019Or, que prennent vie vos projets. Nich\u00e9s au c\u0153ur des Monts d\u2019Or et rayonnant sur toute la r\u00e9gion lyonnaise, nous avons la chance d\u2019accompagner des histoires uniques, des envies de renouveau comme des projets de construction audacieux. Chaque chantier est une rencontre,&#8230;<\/p>\n","protected":false},"author":2,"featured_media":0,"parent":0,"menu_order":0,"comment_status":"closed","ping_status":"closed","template":"","meta":{"footnotes":"","_links_to":"","_links_to_target":""},"class_list":["post-269","page","type-page","status-publish","hentry"],"_links":{"self":[{"href":"https:\/\/www.agilis-fermetures.fr\/index.php\/wp-json\/wp\/v2\/pages\/269","targetHints":{"allow":["GET"]}}],"collection":[{"href":"https:\/\/www.agilis-fermetures.fr\/index.php\/wp-json\/wp\/v2\/pages"}],"about":[{"href":"https:\/\/www.agilis-fermetures.fr\/index.php\/wp-json\/wp\/v2\/types\/page"}],"author":[{"embeddable":true,"href":"https:\/\/www.agilis-fermetures.fr\/index.php\/wp-json\/wp\/v2\/users\/2"}],"replies":[{"embeddable":true,"href":"https:\/\/www.agilis-fermetures.fr\/index.php\/wp-json\/wp\/v2\/comments?post=269"}],"version-history":[{"count":14,"href":"https:\/\/www.agilis-fermetures.fr\/index.php\/wp-json\/wp\/v2\/pages\/269\/revisions"}],"predecessor-version":[{"id":781,"href":"https:\/\/www.agilis-fermetures.fr\/index.php\/wp-json\/wp\/v2\/pages\/269\/revisions\/781"}],"wp:attachment":[{"href":"https:\/\/www.agilis-fermetures.fr\/index.php\/wp-json\/wp\/v2\/media?parent=269"}],"curies":[{"name":"wp","href":"https:\/\/api.w.org\/{rel}","templated":true}]}}