{"id":56,"date":"2021-09-30T22:12:42","date_gmt":"2021-09-30T22:12:42","guid":{"rendered":"https:\/\/webredox.net\/demo\/wp\/bauen\/light\/multi\/demo1\/?page_id=56"},"modified":"2025-07-15T16:27:05","modified_gmt":"2025-07-15T14:27:05","slug":"a-propos","status":"publish","type":"page","link":"https:\/\/www.agilis-fermetures.fr\/index.php\/a-propos\/","title":{"rendered":"A propos"},"content":{"rendered":"<div class=\"wpb-content-wrapper\">[vc_row row_type=&#8221;main-section&#8221; bauen_section_layout=&#8221;section_grid&#8221; bauen_df_padding_top=&#8221;section-padding1&#8243; bauen_background_color=&#8221;#FFFFFF&#8221;][vc_column width=&#8221;1\/2&#8243; css=&#8221;.vc_custom_1752589559419{background-color: #FFFFFF !important;}&#8221;][vc_column_text css=&#8221;&#8221;]\n<h1><span style=\"color: #21545b;\">NOTRE MISSION<\/span><\/h1>\n<p><span style=\"color: #21545b;\">Nous sommes sp\u00e9cialis\u00e9s dans les solutions de fermetures sur mesure pour fen\u00eatres, portes, volets et moustiquaires, en aluminium, PVC et bois. Forts d\u2019une expertise globale et acoustique, nous nous engageons \u00e0 trouver des solutions adapt\u00e9es \u00e0 votre besoin. Notre r\u00e9activit\u00e9, nos connaissances techniques et notre accompagnement personnalis\u00e9 font de nous le partenaire id\u00e9al pour votre projet de r\u00e9novation ou de construction. Gr\u00e2ce \u00e0 un panel de fournisseurs et \u00e0 un suivi des commandes \u00e9labor\u00e9, nous assurons des d\u00e9lais courts et respect\u00e9s. Notre engagement envers vous va de paire avec nos exigences en mati\u00e8re de qualit\u00e9. Nous avons \u00e0 coeur le respect de l\u2019environnement et privil\u00e9gions une fabrication locale.<\/span>[\/vc_column_text][\/vc_column][vc_column width=&#8221;1\/2&#8243; css=&#8221;.vc_custom_1752589623722{margin-right: 10px !important;margin-left: 40px !important;padding-right: 20px !important;padding-left: 20px !important;}&#8221;][\/vc_column][\/vc_row][vc_row row_type=&#8221;main-section&#8221; bauen_section_layout=&#8221;section_grid&#8221; bauen_df_padding_bottom=&#8221;section-padding2&#8243; bauen_background_color=&#8221;#FFFFFF&#8221; css=&#8221;.vc_custom_1752583079978{padding-right: 30px !important;padding-left: 30px !important;background-color: #FBF6F1 !important;}&#8221;][vc_column width=&#8221;1\/2&#8243; css=&#8221;.vc_custom_1752583160760{padding-right: 30px !important;padding-left: 30px !important;background-color: #FFFFFF !important;}&#8221;][vc_empty_space height=&#8221;10px&#8221;][vc_single_image image=&#8221;682&#8243; img_size=&#8221;medium&#8221; alignment=&#8221;center&#8221; css=&#8221;&#8221;][vc_column_text css=&#8221;&#8221;]\n<h2 style=\"text-align: center;\"><strong><span style=\"color: #333333;\">Florian GUERBETTE<\/span><\/strong><\/h2>\n<p><strong><em><span style=\"color: #333333;\">\u00ab Mon parcours n\u2019a rien de lin\u00e9aire, et c\u2019est s\u00fbrement ce qui fait aujourd\u2019hui la force d\u2019Agilis Fermetures. \u00bb<\/span><\/em><\/strong><\/p>\n<p><span style=\"font-weight: 400; color: #333333;\">Au d\u00e9part, rien ne me destinait \u00e0 la menuiserie. J\u2019ai d\u2019abord plong\u00e9 dans l\u2019univers de l\u2019informatique, avant de me tourner vers le conseil en r\u00e9novation \u00e9nerg\u00e9tique. Pendant six ann\u00e9es enrichissantes, j\u2019ai appris \u00e0 \u00e9couter les attentes des clients, \u00e0 comprendre leurs contraintes, et surtout \u00e0 trouver des solutions durables pour am\u00e9liorer leur habitat.<\/span><\/p>\n<p><span style=\"font-weight: 400; color: #333333;\">Puis, j\u2019ai int\u00e9gr\u00e9 un grand fabricant europ\u00e9en de menuiseries PVC et aluminium. Cette exp\u00e9rience a \u00e9t\u00e9 un v\u00e9ritable tremplin. Elle m\u2019a permis de ma\u00eetriser toute la cha\u00eene, de la conception \u00e0 la fabrication, en passant par la logistique et le service client.<\/span><\/p>\n<p><span style=\"font-weight: 400; color: #333333;\">Mais rapidement, j\u2019ai ressenti le besoin d\u2019aller plus loin. En 2017, je fonde Agilis Fermetures avec l\u2019envie profonde de proposer un service diff\u00e9rent. Un service de proximit\u00e9, sur-mesure, o\u00f9 chaque client est \u00e9cout\u00e9, conseill\u00e9, et accompagn\u00e9 avec exigence et bienveillance.<\/span><\/p>\n<p><span style=\"font-weight: 400; color: #333333;\">Aujourd\u2019hui, entour\u00e9 d\u2019une \u00e9quipe de poseurs fid\u00e8les avec qui je travaille depuis plus de dix ans, je suis fier de concr\u00e9tiser vos projets de r\u00e9novation et de construction. Bas\u00e9s au nord de Lyon, nous intervenons principalement dans la r\u00e9gion, mais chaque chantier est pour nous une nouvelle aventure, un d\u00e9fi \u00e0 relever avec passion.<\/span><\/p>\n<p><strong><span style=\"color: #333333;\">Ma vision pour demain ?<\/span><\/strong><\/p>\n<p><span style=\"color: #333333;\"><span style=\"font-weight: 400;\">Continuer \u00e0 innover, \u00e0 m\u2019entourer des meilleurs partenaires, et \u00e0 vous offrir des solutions encore plus performantes et responsables. Parce qu\u2019au fond, ce qui nous anime reste inchang\u00e9: la fiert\u00e9 du travail bien fait, et la satisfaction de voir vos projets prendre vie.<\/span><\/span>[\/vc_column_text][\/vc_column][vc_column width=&#8221;1\/2&#8243; css=&#8221;.vc_custom_1752583171509{padding-right: 30px !important;padding-left: 30px !important;background-color: #FFFFFF !important;}&#8221;][vc_empty_space height=&#8221;10px&#8221;][vc_single_image image=&#8221;683&#8243; img_size=&#8221;medium&#8221; alignment=&#8221;center&#8221; css=&#8221;&#8221;][vc_column_text css=&#8221;&#8221;]\n<h2 style=\"text-align: center;\"><strong><span style=\"color: #333333;\">Adeline VESSELY<\/span><\/strong><\/h2>\n<p><span style=\"font-weight: 400; color: #333333;\">Moi, c\u2019est Adeline, et si je devais r\u00e9sumer mon parcours, je dirais qu\u2019il est aussi riche que polyvalent.<\/span><\/p>\n<p><span style=\"font-weight: 400; color: #333333;\">Tout a commenc\u00e9 dans des secteurs dynamiques : la grande distribution, puis le transport. Pendant 7 ans, j\u2019ai appris \u00e0 g\u00e9rer les impr\u00e9vus, \u00e0 jongler avec les contraintes et surtout \u00e0 toujours garder le cap, m\u00eame dans l\u2019urgence. Ces premi\u00e8res exp\u00e9riences m\u2019ont forg\u00e9 un solide esprit d\u2019adaptation.<\/span><\/p>\n<p><span style=\"font-weight: 400; color: #333333;\">Et puis, il y a 5 ans, j\u2019ai fait une rencontre d\u00e9cisive : la menuiserie. Un domaine technique et passionnant, o\u00f9 chaque projet est unique, o\u00f9 chaque d\u00e9tail compte. Ce fut un v\u00e9ritable coup de c\u0153ur. J\u2019ai tout de suite \u00e9t\u00e9 s\u00e9duite par la technicit\u00e9, le contact client, la recherche de solutions sur-mesure et le plaisir de voir un projet prendre vie, du premier croquis jusqu\u2019\u00e0 la derni\u00e8re pose.<\/span><\/p>\n<p><span style=\"font-weight: 400; color: #333333;\">Aujourd\u2019hui, forte de ce parcours \u00e9clectique, je suis devenue un vrai couteau suisse au service de vos projets. Mon objectif ? \u00catre votre interlocutrice privil\u00e9gi\u00e9e, celle qui \u00e9coute, conseille, et suit chaque \u00e9tape avec soin et r\u00e9activit\u00e9. Je serai l\u00e0 pour vous \u00e9pauler du d\u00e9but \u00e0 la fin de votre projet, toujours dispo et avec le sourire !<\/span>[\/vc_column_text][\/vc_column][\/vc_row]\n<\/div>","protected":false},"excerpt":{"rendered":"<p>[vc_row row_type=&#8221;main-section&#8221; bauen_section_layout=&#8221;section_grid&#8221; bauen_df_padding_top=&#8221;section-padding1&#8243; bauen_background_color=&#8221;#FFFFFF&#8221;][vc_column width=&#8221;1\/2&#8243; css=&#8221;.vc_custom_1752589559419{background-color: #FFFFFF !important;}&#8221;][vc_column_text css=&#8221;&#8221;] NOTRE MISSION Nous sommes sp\u00e9cialis\u00e9s dans les solutions de fermetures sur mesure pour fen\u00eatres, portes, volets et moustiquaires, en aluminium, PVC et bois. Forts d\u2019une expertise globale et acoustique, nous nous engageons \u00e0 trouver des solutions adapt\u00e9es \u00e0 votre besoin. Notre r\u00e9activit\u00e9, nos connaissances techniques et notre accompagnement personnalis\u00e9 font&#8230;<\/p>\n","protected":false},"author":2,"featured_media":0,"parent":0,"menu_order":0,"comment_status":"closed","ping_status":"closed","template":"","meta":{"footnotes":"","_links_to":"","_links_to_target":""},"class_list":["post-56","page","type-page","status-publish","hentry"],"_links":{"self":[{"href":"https:\/\/www.agilis-fermetures.fr\/index.php\/wp-json\/wp\/v2\/pages\/56","targetHints":{"allow":["GET"]}}],"collection":[{"href":"https:\/\/www.agilis-fermetures.fr\/index.php\/wp-json\/wp\/v2\/pages"}],"about":[{"href":"https:\/\/www.agilis-fermetures.fr\/index.php\/wp-json\/wp\/v2\/types\/page"}],"author":[{"embeddable":true,"href":"https:\/\/www.agilis-fermetures.fr\/index.php\/wp-json\/wp\/v2\/users\/2"}],"replies":[{"embeddable":true,"href":"https:\/\/www.agilis-fermetures.fr\/index.php\/wp-json\/wp\/v2\/comments?post=56"}],"version-history":[{"count":13,"href":"https:\/\/www.agilis-fermetures.fr\/index.php\/wp-json\/wp\/v2\/pages\/56\/revisions"}],"predecessor-version":[{"id":731,"href":"https:\/\/www.agilis-fermetures.fr\/index.php\/wp-json\/wp\/v2\/pages\/56\/revisions\/731"}],"wp:attachment":[{"href":"https:\/\/www.agilis-fermetures.fr\/index.php\/wp-json\/wp\/v2\/media?parent=56"}],"curies":[{"name":"wp","href":"https:\/\/api.w.org\/{rel}","templated":true}]}}